{"id":8915,"date":"2016-10-25T12:45:08","date_gmt":"2016-10-25T10:45:08","guid":{"rendered":"https:\/\/muzej-djakovstine.hr\/?page_id=8915"},"modified":"2024-08-26T12:56:04","modified_gmt":"2024-08-26T10:56:04","slug":"tatigkeiten","status":"publish","type":"page","link":"http:\/\/muzej-djakovstine.hr\/de\/tatigkeiten\/","title":{"rendered":"Tatigkeiten"},"content":{"rendered":"<p><u><\/u><span style=\"text-decoration: underline;\">2016.<\/span><strong><br \/>\nEin Experiment mit Tiefdrucktechniken &#8211; <\/strong><em>Ausstellung von Ana Beljan<\/em><strong><br \/>\n20 Jahre der Malerei von Krunislav Stojanovski<br \/>\nMuseum in einem Topf<br \/>\nAusstellung von Mirna Petrovi\u0107<br \/>\nAusstellung von Dajana Karas<br \/>\nAusstellung von Kristina Mari\u0107<br \/>\nAusstellung von anl\u00e4sslich der Strossmayer Jubil\u00e4um<br \/>\nGruppenausstellung von A. Beljan, H. Duvnjak, D. Karas, K. Mari\u0107 i M. Petrovi\u0107<\/strong><\/p>\n<p><span style=\"text-decoration: underline;\">2015.<\/span><br \/>\n<strong>Abbildungen des Zustandes<\/strong> \u2013 Gem\u00e4ldeausstellung von Petra Baleki\u0107<br \/>\n<strong>Durch ein Spiel zum Gr\u00fcn<\/strong> &#8211; Ausstellung von Werken von Dora Tomi\u0107<br \/>\n<strong>Das Kunsterbe der Familie Peja\u010devi\u0107<\/strong><br \/>\n<strong>Das Erbe des Bischofs J.J.Strossmayer<\/strong><br \/>\n<strong>Kulturgut in der belohnten Grafiken von den Studenten der Grundschule aus Josipovac<\/strong><br \/>\n<strong>Freude der Farben<\/strong> \u2013 Gem\u00e4ldeausstellung von Vesna Sokoli\u0107<br \/>\n<strong>Unterrichtsmaterialien und Hilfsmittel in Privatschulen der Barmherzigen Schwestern vom Heiligen Kreuz<\/strong><\/p>\n<p><span style=\"text-decoration: underline;\">2014.<\/span><br \/>\n<strong>Die Zeichen die ich\u2026<\/strong> &#8211; Ausstellung von Josip Brandis<br \/>\n<strong>Bewegung der Muster<\/strong> &#8211; Ausstellung von Marija Adri\u0107<br \/>\n<strong>Kulturerbe von Gorjani in den Kunstwerken von Studenten<\/strong><br \/>\n<strong>Ausstellung der von Zvonko Bena\u0161i\u0107 gespendeten Gegenst\u00e4nde<\/strong><br \/>\n<strong>Strossmayer und die Musiker<\/strong><br \/>\n<strong>Konzentrationslager \u0110akovo<\/strong><br \/>\n<strong>\u0110akovo und die Region \u0110akovo w\u00e4hrend des Ersten Weltkrieges<\/strong><\/p>\n<p><span style=\"text-decoration: underline;\">2013.<br \/>\n<\/span><strong>Die Rockszene in \u0110akovo von der Mitte der 60er Jahre bis zum Ende der 70er Jahre<\/strong><br \/>\n<strong>Die Codes der Realit\u00e4t<\/strong> (Die Autoren der Ausstellung waren Zrinka Vinkovi\u0107 Kralj, Matija Kralj und Sanjin Vinkovi\u0107)<br \/>\n<strong>Gegenw\u00e4rtige Kroatische Grafik<\/strong> &#8211; Hinterfragung eines Mediums<br \/>\n<strong>Strossmayer und die K\u00fcnstler, Einfluss und Betreuung<\/strong><br \/>\n<strong>Handwerker Produkte als Bestandteil der traditionellen Kleidung in der \u0110akovo Region<\/strong><br \/>\n<strong>Das industrielle Erbe Ost-Kroatiens<\/strong><br \/>\n<strong>Dvoje leglo, troje osvanilo\u00a0<\/strong> (Zwei ging ins Bett, drei wachte auf)<\/p>\n<p><span style=\"text-decoration: underline;\">2012.<\/span><br \/>\n<strong>Aqusition der Kunstsammlung aus dem Museum von \u0110akov\u0161tina 2002.-2012.<\/strong><br \/>\n<strong>140 Jahre der freiwilligen Feuerwehr in \u0110akovo<\/strong><br \/>\n<strong>Josip Kani\u017ea<\/strong> &#8211; Paste\/Copy, Austellung der Kunstweke<br \/>\n<strong>Hallo, Perkovci , zwei D\u00f6rfer, das Alte und das Neue<\/strong><br \/>\n<strong>Briefmarkenausstellung<\/strong><br \/>\n<strong>Herstellung von traditionellen Kleidungsst\u00fccke der Ljelja-T\u00e4nzerinen\/K\u00f6niginen aus dem Dorf Gorjani<\/strong><br \/>\n<strong>Liturgische Kleidung aus der Textiliensammlung des Museums f\u00fcr Kunst und Gewerbe<\/strong><\/p>\n<p><span style=\"text-decoration: underline;\">2011.<\/span><br \/>\n<strong>Slavonian spirit &#8211;<\/strong> Ausstellung von Fotografien von Mario \u0160ulina<br \/>\n<strong>Vladimir Filakovac<\/strong> &#8211; Eine kleine Retrospektive<br \/>\n<strong>So far so good<\/strong> &#8211; Gem\u00e4ldeausstellung von Dra\u017een Budimir<br \/>\n<strong>Branka Uzelac &#8211;<\/strong> Leitfaden f\u00fcr die Dauerausstellung des Museums von Djakovo-Region &#8211; Ethnische Abteilung<br \/>\n<strong>Vesna Kolobari\u0107<\/strong> &#8211; Erleichterungausstellung<br \/>\n<strong>Marija Adri\u0107<\/strong> &#8211; Traditionelle Erwartungen herausfordernd<br \/>\n<strong>Ivan Germov\u0161ek<\/strong> &#8211; Das Schlachtfest, Gem\u00e4ldeausstellung<br \/>\n<strong>Eko radionice &#8222;Od Tadijanovi\u0107a do modne revije&#8220;<\/strong><\/p>\n<p><span style=\"text-decoration: underline;\">2010.<\/span><br \/>\n<strong>Berge, Menschen, Stra\u00dfen<\/strong> &#8211; Ausstellung von Fotografien von Miro Lay<br \/>\n<strong>Boom der visuellen Kunst in Labin<\/strong><br \/>\n<strong>Die kleinen Vormunde des Musemskunstschatzes<\/strong><br \/>\n<strong>Traditionelle Kleidung von Kroaten aus Baranja<\/strong> (aus der Sammlung des Ethnographishen Museums in Split)<br \/>\n<strong>Sieben Jahrzehnte von Plakate und Flugbl\u00e4tter in Djakovo<\/strong><br \/>\n<strong>Von der friedlichen Revolution bis zur deutsche Einheit<\/strong><br \/>\n<strong>Trauben und Wein als Zeichen von Gottes Segen<\/strong><\/p>\n<p><span style=\"text-decoration: underline;\">2009.<\/span><br \/>\n<strong>Kruno Rac<\/strong> &#8211; Foto-Ausstellung<br \/>\n<strong>21. Slawonischen Bienalle<\/strong> &#8211; Preisgekr\u00f6nte Arbeiten<br \/>\n<strong>Postmoderne Gem\u00e4lde von Kroaten<\/strong><br \/>\n<strong>\u0110akovo ersten Fotografen<\/strong><br \/>\n<strong>&#8222;Gorjanske ljelje&#8220; als k\u00fcnstlerische Inspiration<\/strong><br \/>\n<strong>Starter<\/strong> &#8211; Ausstellung der ersten Generation von Absolventen an der Akademie der K\u00fcnste in Osijek<br \/>\n<strong>Ausstellung mit Comics von Ivica Bednjanec<\/strong><br \/>\n<strong>T\u00fccher der \u0110akovo-Gegend<\/strong><\/p>\n<p><span style=\"text-decoration: underline;\">2008.<\/span><br \/>\n<strong>Gem\u00e4ldeausstellung von Ratko \u017daje<\/strong><br \/>\n<strong>Auf eine andere Weise dargestellt<\/strong> (Baleki\u0107, Ga\u0161parovsky, Kaka\u0161, Popovi\u0107)<br \/>\n<strong>Gem\u00e4ldeausstellung von \u017deljko Muck<\/strong><br \/>\n<strong>Zeitgen\u00f6ssische in dem Traditionellen<\/strong> &#8211; die traditionellen Elemente in Zivil-Kleidung<br \/>\n<strong>Autentische kroatische Kunst als Beitrag zur europ\u00e4ischen Poetik<\/strong><br \/>\n<strong>Ausstellung mir Bildern von Helmut Gross<\/strong><br \/>\n<strong>Hundert Jahre des Fu\u00dfballs in \u0110akovo<\/strong><br \/>\n<strong>Josipovac, slowakisches Dorf in \u0110akov\u0161tina<\/strong><\/p>\n<p><span style=\"text-decoration: underline;\">2007.<\/span><br \/>\n<strong>Photographie-ausstellung von Mario \u0160ulina<\/strong><br \/>\n<strong>Photo-haigi<\/strong> <strong>von Silvija Butkovi\u0107<\/strong><br \/>\n<strong>Gem\u00e4ldeausstellung von Stjepan Jozi\u0107<\/strong><br \/>\n<strong>Religionsthemen in der modernen kroatischen Malerei<\/strong><br \/>\n<strong>Schmuck durch Geschichte<\/strong><br \/>\n<strong>Kleine Retrospektiveausstellung von Ivan Domac<\/strong><br \/>\n<strong>Alte Denkschrifte von \u0110akovo<\/strong><\/p>\n<p><span style=\"text-decoration: underline;\">2006.<\/span><br \/>\n<strong>Gem\u00e4ldeausstellung von Virgilije Nevjesti\u0107<\/strong><br \/>\n<strong>Gem\u00e4ldeausstellung von Sanja Re\u0161\u010dek<\/strong><br \/>\n<strong>Von \u00d6stereich nach Kroatien<\/strong> (Zeichnungen und Fotos)<br \/>\n<strong>Die Ausstellung \u00fcber Vladimir Prebeg<\/strong><br \/>\n<strong>Die st\u00e4ndige Ausstellung der kulturgeschichtlichen Sammlung<\/strong><br \/>\n<strong>55 Jahren des FKK \u0110akovo<\/strong> (des Foto-Kino Klubs \u0110akovo)<br \/>\n<strong>Vergoldete fr\u00fch-christliche Glassexponate aus \u0160trbinci neben \u0110akovo\u00a0<\/strong>(in Zusammenarbeit mit dem Stjepan Gruber Museum aus \u017dupanja)<br \/>\n<strong>Photographie-asustellung von Ivan \u010ca\u010di\u0107<\/strong><br \/>\n<strong>Dokumente bedroht durch die Kriegszerst\u00f6rung<\/strong><br \/>\n<strong>Ausstellung von Handt\u00fcchern<\/strong><br \/>\n<strong>Gem\u00e4ldeausstellung von Marko \u017divkovi\u0107<\/strong><br \/>\n<strong>Gem\u00e4ldeausstellung von Ivan Germov\u0161ek<\/strong><\/p>\n<p><span style=\"text-decoration: underline;\">2005.<\/span><br \/>\n<strong>\u00abHrvatski Sokol \u0110akovo\u00bb-<\/strong> Sport und Kulturbund aus \u0110akovo<br \/>\n<strong>Die 19. Biennale Slawoniens<\/strong><br \/>\n<strong>Donierte Gem\u00e4lde<\/strong>&#8211; die dem Bischof Strossmayer geschenkten Gem\u00e4lde alter Meister<br \/>\n<strong>Die Ausstellung alter Ansichtskarten aus \u0110akovo<\/strong><br \/>\n<strong>Die Er\u00f6ffnung der st\u00e4ndiger etholigischer Ausstellung<\/strong><br \/>\n<strong>Retrospektive Skulpurenausstellung von Miroslav benakovi\u0107<\/strong><br \/>\n<strong>\u201c101 Lippizaner\u201d<\/strong>-Skulpturen von Hrvoje Duman\u010di\u0107<\/p>\n<p><span style=\"text-decoration: underline;\">2004.<\/span><br \/>\n<strong>Photograhieausstellung von Krunoslav Rac<\/strong><br \/>\n<strong>Kroatischer Adel in der Slowakei<\/strong><br \/>\n<strong>Photographieausstellung von Zoran Filipovi\u0107 und Darstellung des Buches desselben Autors<\/strong><br \/>\n<strong>Gem\u00e4lde und Skulpturen \u00abLeben- Land\u00bb<\/strong><br \/>\n<strong>Gem\u00e4lde von Hrvoje Duvnjak<\/strong><br \/>\n<strong>\u00abUnter dem Kreuz vom Bruder Lustig\u00bb<\/strong><br \/>\n<strong>Retrospektive Ausstellung von Ivan Ti\u0161ov<\/strong><br \/>\n<strong>Photographieausstellung von Andrej Car<\/strong><br \/>\n<strong>Traditionelle Kunst der Haartracht und Kopfbedeckung in \u0110akov\u0161tina-Region<\/strong><\/p>\n<p><span style=\"text-decoration: underline;\">2003.<\/span><br \/>\n<strong>Photographieausstellung von Marko Ferger<\/strong><br \/>\n<strong>\u00abAccede ad Certissiam\u00bb<\/strong><br \/>\n<strong>Retrospektive Ausstellung von Ljudevit \u0160esti\u0107<\/strong><br \/>\n<strong>Gem\u00e4lde und andere Kunstdarstellungen von Kindern<\/strong><br \/>\n<strong>\u00abMilko Cepeli\u0107 \u2013 anl\u00e4sslich seines 150-Geburtsjubil\u00e4ums\u00bb<\/strong><\/p>\n<p><span style=\"text-decoration: underline;\">2002.<\/span><br \/>\n<strong>&#8222;Florentes&#8220;<\/strong><br \/>\n<strong>&#8222;W\u00e4chter der Kulturerbe&#8220;<\/strong>\u00a0Aquarelle von Predrag Goll<br \/>\n<strong>Gem\u00e4lde von Tihomir Lon\u010dar<\/strong><\/p>\n<p><span style=\"text-decoration: underline;\">2001.<\/span><br \/>\n<strong>Auswahl aus der Sammlung des kroatischen Verteidigungskrieges<\/strong><\/p>\n<p><span style=\"text-decoration: underline;\">1999.<\/span><br \/>\n<strong>E. M. Ku\u017eina-<\/strong> retrospektive Ausstellung<\/p>\n<p><span style=\"text-decoration: underline;\">1998.<\/span><br \/>\n<strong>Retrospektive Ausstellung von Slavko Tomerlin<\/strong><br \/>\n<strong> \u00abAccede ad Certissiam\u00bb<\/strong><\/p>\n<p><span style=\"text-decoration: underline;\">1997.<\/span><br \/>\n<strong>Traditionelles Gewerbe und Handwerk<\/strong>&#8211; Entit\u00e4t der volkst \u00fcmlichen Kulturerbe<\/p>\n<p><span style=\"text-decoration: underline;\">1996.<\/span><br \/>\n<strong>Gem\u00e4ldeausstellung von Josip Zanki<\/strong><br \/>\n<strong> Gem\u00e4ldeausstellung von Nelida Kos-Kalanj<\/strong><\/p>\n<p><span style=\"text-decoration: underline;\">1995.<\/span><br \/>\n<strong>Gem\u00e4ldeausstellung von Goran Petra\u010d<\/strong><br \/>\n<strong> Werke von den K\u00fcnstlern die unter dem Namen \u00abSpuren\u00bb bekannt sind<\/strong><br \/>\n<strong> Gem\u00e4ldeausstellung von Dragan Milo\u0161evi\u0107<\/strong><br \/>\n<strong> Werke von lokalen Laienmaler aus \u0110akovo<\/strong><\/p>\n<p><span style=\"text-decoration: underline;\">1994.<\/span><br \/>\n<strong>\u00bbGibt es auf deinem Tisch Brot, wirst du nie vor deinen G\u00e4sten unbehaglich rot\u00bb<\/strong><br \/>\n<strong> Kroatiische Staatsgrenzen auf den Landkarten vom 16. bis zum 20 Jh.<\/strong><\/p>\n<p><span style=\"text-decoration: underline;\">1993.<\/span><br \/>\n<strong>Aktien und Wertpapiere<\/strong><br \/>\n<strong> Frohe Weihnachten gute Leute<\/strong><br \/>\n<strong> Literatur und Comics<\/strong><\/p>\n","protected":false},"excerpt":{"rendered":"<p>2016. Ein Experiment mit Tiefdrucktechniken &#8211; Ausstellung von Ana Beljan 20 Jahre der Malerei von Krunislav Stojanovski Museum in einem Topf Ausstellung von Mirna Petrovi\u0107 Ausstellung von Dajana Karas Ausstellung von Kristina Mari\u0107 Ausstellung von anl\u00e4sslich der Strossmayer Jubil\u00e4um Gruppenausstellung von A. Beljan, H. Duvnjak, D. Karas, K. Mari\u0107 i M. Petrovi\u0107 2015. Abbildungen des [&hellip;]<\/p>\n","protected":false},"author":1,"featured_media":0,"parent":0,"menu_order":0,"comment_status":"closed","ping_status":"closed","template":"","meta":{"_acf_changed":false,"_monsterinsights_skip_tracking":false,"_monsterinsights_sitenote_active":false,"_monsterinsights_sitenote_note":"","_monsterinsights_sitenote_category":0,"footnotes":""},"class_list":["post-8915","page","type-page","status-publish","hentry"],"acf":[],"yoast_head":"<!-- This site is optimized with the Yoast SEO plugin v27.5 - https:\/\/yoast.com\/product\/yoast-seo-wordpress\/ -->\n<title>Tatigkeiten - Muzej \u0110akov\u0161tine<\/title>\n<meta name=\"robots\" content=\"index, follow, max-snippet:-1, max-image-preview:large, max-video-preview:-1\" \/>\n<link rel=\"canonical\" href=\"http:\/\/muzej-djakovstine.hr\/de\/tatigkeiten\/\" \/>\n<meta property=\"og:locale\" content=\"de_DE\" \/>\n<meta property=\"og:type\" content=\"article\" \/>\n<meta property=\"og:title\" content=\"Tatigkeiten - Muzej \u0110akov\u0161tine\" \/>\n<meta property=\"og:description\" content=\"2016. Ein Experiment mit Tiefdrucktechniken &#8211; Ausstellung von Ana Beljan 20 Jahre der Malerei von Krunislav Stojanovski Museum in einem Topf Ausstellung von Mirna Petrovi\u0107 Ausstellung von Dajana Karas Ausstellung von Kristina Mari\u0107 Ausstellung von anl\u00e4sslich der Strossmayer Jubil\u00e4um Gruppenausstellung von A. Beljan, H. Duvnjak, D. Karas, K. Mari\u0107 i M. Petrovi\u0107 2015. Abbildungen des [&hellip;]\" \/>\n<meta property=\"og:url\" content=\"http:\/\/muzej-djakovstine.hr\/de\/tatigkeiten\/\" \/>\n<meta property=\"og:site_name\" content=\"Muzej \u0110akov\u0161tine\" \/>\n<meta property=\"article:publisher\" content=\"https:\/\/www.facebook.com\/muzej.djakovstine\/\" \/>\n<meta property=\"article:modified_time\" content=\"2024-08-26T10:56:04+00:00\" \/>\n<meta property=\"og:image\" content=\"http:\/\/muzej-djakovstine.hr\/wp-content\/uploads\/2016\/10\/home-bg.jpg\" \/>\n<meta name=\"twitter:card\" content=\"summary_large_image\" \/>\n<meta name=\"twitter:label1\" content=\"Gesch\u00e4tzte Lesezeit\" \/>\n\t<meta name=\"twitter:data1\" content=\"5\u00a0Minuten\" \/>\n<script type=\"application\/ld+json\" class=\"yoast-schema-graph\">{\"@context\":\"https:\\\/\\\/schema.org\",\"@graph\":[{\"@type\":\"WebPage\",\"@id\":\"http:\\\/\\\/muzej-djakovstine.hr\\\/de\\\/tatigkeiten\\\/\",\"url\":\"http:\\\/\\\/muzej-djakovstine.hr\\\/de\\\/tatigkeiten\\\/\",\"name\":\"Tatigkeiten - Muzej \u0110akov\u0161tine\",\"isPartOf\":{\"@id\":\"https:\\\/\\\/muzej-djakovstine.hr\\\/de\\\/#website\"},\"datePublished\":\"2016-10-25T10:45:08+00:00\",\"dateModified\":\"2024-08-26T10:56:04+00:00\",\"breadcrumb\":{\"@id\":\"http:\\\/\\\/muzej-djakovstine.hr\\\/de\\\/tatigkeiten\\\/#breadcrumb\"},\"inLanguage\":\"de\",\"potentialAction\":[{\"@type\":\"ReadAction\",\"target\":[\"http:\\\/\\\/muzej-djakovstine.hr\\\/de\\\/tatigkeiten\\\/\"]}]},{\"@type\":\"BreadcrumbList\",\"@id\":\"http:\\\/\\\/muzej-djakovstine.hr\\\/de\\\/tatigkeiten\\\/#breadcrumb\",\"itemListElement\":[{\"@type\":\"ListItem\",\"position\":1,\"name\":\"Po\u010detna stranica\",\"item\":\"https:\\\/\\\/muzej-djakovstine.hr\\\/de\\\/\"},{\"@type\":\"ListItem\",\"position\":2,\"name\":\"Tatigkeiten\"}]},{\"@type\":\"WebSite\",\"@id\":\"https:\\\/\\\/muzej-djakovstine.hr\\\/de\\\/#website\",\"url\":\"https:\\\/\\\/muzej-djakovstine.hr\\\/de\\\/\",\"name\":\"Muzej \u0110akov\u0161tine\",\"description\":\"\",\"potentialAction\":[{\"@type\":\"SearchAction\",\"target\":{\"@type\":\"EntryPoint\",\"urlTemplate\":\"https:\\\/\\\/muzej-djakovstine.hr\\\/de\\\/?s={search_term_string}\"},\"query-input\":{\"@type\":\"PropertyValueSpecification\",\"valueRequired\":true,\"valueName\":\"search_term_string\"}}],\"inLanguage\":\"de\"}]}<\/script>\n<!-- \/ Yoast SEO plugin. -->","yoast_head_json":{"title":"Tatigkeiten - Muzej \u0110akov\u0161tine","robots":{"index":"index","follow":"follow","max-snippet":"max-snippet:-1","max-image-preview":"max-image-preview:large","max-video-preview":"max-video-preview:-1"},"canonical":"http:\/\/muzej-djakovstine.hr\/de\/tatigkeiten\/","og_locale":"de_DE","og_type":"article","og_title":"Tatigkeiten - Muzej \u0110akov\u0161tine","og_description":"2016. Ein Experiment mit Tiefdrucktechniken &#8211; Ausstellung von Ana Beljan 20 Jahre der Malerei von Krunislav Stojanovski Museum in einem Topf Ausstellung von Mirna Petrovi\u0107 Ausstellung von Dajana Karas Ausstellung von Kristina Mari\u0107 Ausstellung von anl\u00e4sslich der Strossmayer Jubil\u00e4um Gruppenausstellung von A. Beljan, H. Duvnjak, D. Karas, K. Mari\u0107 i M. Petrovi\u0107 2015. Abbildungen des [&hellip;]","og_url":"http:\/\/muzej-djakovstine.hr\/de\/tatigkeiten\/","og_site_name":"Muzej \u0110akov\u0161tine","article_publisher":"https:\/\/www.facebook.com\/muzej.djakovstine\/","article_modified_time":"2024-08-26T10:56:04+00:00","og_image":[{"url":"http:\/\/muzej-djakovstine.hr\/wp-content\/uploads\/2016\/10\/home-bg.jpg","type":"","width":"","height":""}],"twitter_card":"summary_large_image","twitter_misc":{"Gesch\u00e4tzte Lesezeit":"5\u00a0Minuten"},"schema":{"@context":"https:\/\/schema.org","@graph":[{"@type":"WebPage","@id":"http:\/\/muzej-djakovstine.hr\/de\/tatigkeiten\/","url":"http:\/\/muzej-djakovstine.hr\/de\/tatigkeiten\/","name":"Tatigkeiten - Muzej \u0110akov\u0161tine","isPartOf":{"@id":"https:\/\/muzej-djakovstine.hr\/de\/#website"},"datePublished":"2016-10-25T10:45:08+00:00","dateModified":"2024-08-26T10:56:04+00:00","breadcrumb":{"@id":"http:\/\/muzej-djakovstine.hr\/de\/tatigkeiten\/#breadcrumb"},"inLanguage":"de","potentialAction":[{"@type":"ReadAction","target":["http:\/\/muzej-djakovstine.hr\/de\/tatigkeiten\/"]}]},{"@type":"BreadcrumbList","@id":"http:\/\/muzej-djakovstine.hr\/de\/tatigkeiten\/#breadcrumb","itemListElement":[{"@type":"ListItem","position":1,"name":"Po\u010detna stranica","item":"https:\/\/muzej-djakovstine.hr\/de\/"},{"@type":"ListItem","position":2,"name":"Tatigkeiten"}]},{"@type":"WebSite","@id":"https:\/\/muzej-djakovstine.hr\/de\/#website","url":"https:\/\/muzej-djakovstine.hr\/de\/","name":"Muzej \u0110akov\u0161tine","description":"","potentialAction":[{"@type":"SearchAction","target":{"@type":"EntryPoint","urlTemplate":"https:\/\/muzej-djakovstine.hr\/de\/?s={search_term_string}"},"query-input":{"@type":"PropertyValueSpecification","valueRequired":true,"valueName":"search_term_string"}}],"inLanguage":"de"}]}},"_links":{"self":[{"href":"http:\/\/muzej-djakovstine.hr\/de\/wp-json\/wp\/v2\/pages\/8915","targetHints":{"allow":["GET"]}}],"collection":[{"href":"http:\/\/muzej-djakovstine.hr\/de\/wp-json\/wp\/v2\/pages"}],"about":[{"href":"http:\/\/muzej-djakovstine.hr\/de\/wp-json\/wp\/v2\/types\/page"}],"author":[{"embeddable":true,"href":"http:\/\/muzej-djakovstine.hr\/de\/wp-json\/wp\/v2\/users\/1"}],"replies":[{"embeddable":true,"href":"http:\/\/muzej-djakovstine.hr\/de\/wp-json\/wp\/v2\/comments?post=8915"}],"version-history":[{"count":3,"href":"http:\/\/muzej-djakovstine.hr\/de\/wp-json\/wp\/v2\/pages\/8915\/revisions"}],"predecessor-version":[{"id":9013,"href":"http:\/\/muzej-djakovstine.hr\/de\/wp-json\/wp\/v2\/pages\/8915\/revisions\/9013"}],"wp:attachment":[{"href":"http:\/\/muzej-djakovstine.hr\/de\/wp-json\/wp\/v2\/media?parent=8915"}],"curies":[{"name":"wp","href":"https:\/\/api.w.org\/{rel}","templated":true}]}}