{"id":8930,"date":"2016-10-26T09:37:44","date_gmt":"2016-10-26T07:37:44","guid":{"rendered":"https:\/\/muzej-djakovstine.hr\/?page_id=8930"},"modified":"2024-08-09T09:44:13","modified_gmt":"2024-08-09T07:44:13","slug":"historische-zahlen","status":"publish","type":"page","link":"http:\/\/muzej-djakovstine.hr\/de\/standige-ausstellung\/historische-zahlen\/","title":{"rendered":"Kultur-historische Dauerausstellung"},"content":{"rendered":"<p><strong><span class=\"font-medium break-words\" data-fragment-close-on-click=\"true\" data-fragment-target=\"#phraseDetails_container-0\">Ge\u00f6ffnet<\/span>: <\/strong>2006.<br \/>\n<strong>Autor: <\/strong>mr.sc. Borislav Bijeli\u0107, prof.<br \/>\n<strong>Visuelle und Raumgestaltung: <\/strong>mr. sc. Mario Beusan, prof.<br \/>\n<strong>Kurator: <\/strong>Mateo Dragi\u010devi\u0107, mag. hist.<\/p>\n<p>Die Idee f\u00fcr diese Ausstellung beruht auf dem Konzept einer vereinten koh\u00e4renten Einheit der ethnologischen,\u00a0kultrugeschichtlichen-\u00a0und arch\u00e4ologischen Sammlung, die eigentlich ihrer Qualit\u00e4t und Exponaten Anzahl nach, die bedeutendsten Sammlungen des Museums sind. Die ethnografische Ausstellung, die den Alltag und die festlichen\u00a0Bra\u00fcche\u00a0der Region\u00a0\u0110akovo\u00a0von den 70er Jahren des 19. bis zu den 30er Jahren des 20. Jh. darstellt, befindet sich im Erdgeschoss links von dem Eingang. Der gegen\u00fcber auf 96,80 Quadratmeter steht die Dauerausstellung der kulturgeschichtlichen Entwicklung von\u00a0\u0110akovo. Die Besucher treten in die Ausstellung durch das Eintrittskartenb\u00fcro. Dann kommen vier im Kreislauf geordneten Ausstellungsr\u00e4ume mit einem Korridor, in denen drei thematisch geteilte Einheiten chronologisch gestellt worden sind.<\/p>\n<p>Die erste, r\u00e4umlich gr\u00f6\u00dfte Einheit (2 R\u00e4ume. Korridor) haben wir \u201e\u0110akovo\u00a0vom 13. bis zu den 40er Jahren des 20. Jahrhunderts\u201c genannt. Im ersten Raum befinden sich thematische Abteilungen \u00fcber die \u00e4lteste Geschichte von\u00a0\u0110akovo, \u00fcber die T\u00fcrkenzeit und \u00fcber die historische Entwicklung der Stadt im 17. und im 18. Jahrhundert. Im restlichen Ausstellungsraum wird in mehreren thematischen Abteilungen der Aufstieg der b\u00fcrgerlichen Schicht w\u00e4hrend des 19. und in den ersten Jahrzehnten des 20. Jh. Dargestellt. Hier sind die Entwicklung des Handwerks, des Schulwesens und verschiedener Vereine und Institutionen im Mittelpunkt. Im dritten Raum wird der b\u00fcrgerliche Salon (Biedermeier) Still eingerichtet. Der\u00a0vierte,\u00a0davon ganz unabh\u00e4ngige Raum, umfasst den Verteidigungskrieg.<\/p>\n<p>Die Dauerausstellung der kulturgeschichtlichen Entwicklung von\u00a0\u0110akovo\u00a0verf\u00fcgt \u00fcber verschiedene Exponate und deren Interpretationen in der Form der\u00a0besondersgestallteten\u00a0Posters, die mittels Computeranimation gemacht wurden. Die applizierten Bildermaterialien aus dem Archiv, zusammen mit den Textzusammenfassungen, erm\u00f6glichen einfache Auffassung des Inhaltes, da sie sich gleich zu Beginn jeder Themenpr\u00e4sentation befinden. Neben den Poster sind hier vergr\u00f6\u00dferte Farbfotos mit dem geeigneten Inhalt aufgestellt worden.<br \/>\nDurch Er\u00f6ffnen der Dauerausstellung der kulturgeschichtlichen Entwicklung von\u00a0\u0110akovo, neben der schon existierenden ethnografischen wird die Realisation der gesamten Dauerausstellung fast beendet. Wenn die Voraussetzungen f\u00fcr die Darstellung der arch\u00e4ologischen Sammlung in absehbarer Zeit geschaffen worden sind, wird das Museum von Region\u00a0\u0110akovo\u00a0zu den ersten Museen mit einem kleinen, aber ausgezeichneten und vollst\u00e4ndigen Exponaten bestand in der slawonischen Region, wodurch eine bessere Einsicht in\u00a0das reiche Kulturerbe von\u00a0\u0110akovo\u00a0und der Region\u00a0\u0110akovo\u00a0erm\u00f6glicht wird.<\/p>\n\n\t\t<style type=\"text\/css\">\n\t\t\t#gallery-1 {\n\t\t\t\tmargin: auto;\n\t\t\t}\n\t\t\t#gallery-1 .gallery-item {\n\t\t\t\tfloat: left;\n\t\t\t\tmargin-top: 10px;\n\t\t\t\ttext-align: center;\n\t\t\t\twidth: 33%;\n\t\t\t}\n\t\t\t#gallery-1 img {\n\t\t\t\tborder: 2px solid #cfcfcf;\n\t\t\t}\n\t\t\t#gallery-1 .gallery-caption {\n\t\t\t\tmargin-left: 0;\n\t\t\t}\n\t\t\t\/* see gallery_shortcode() in wp-includes\/media.php *\/\n\t\t<\/style>\n\t\t<div id='gallery-1' class='gallery galleryid-8930 gallery-columns-3 gallery-size-medium'><dl class='gallery-item'>\n\t\t\t<dt class='gallery-icon landscape'>\n\t\t\t\t<a href='http:\/\/muzej-djakovstine.hr\/wp-content\/uploads\/2016\/11\/pogled-na-povijesni-postav.jpg'><img loading=\"lazy\" decoding=\"async\" width=\"300\" height=\"193\" src=\"http:\/\/muzej-djakovstine.hr\/wp-content\/uploads\/2016\/11\/pogled-na-povijesni-postav-300x193.jpg\" class=\"attachment-medium size-medium\" alt=\"\" aria-describedby=\"gallery-1-5279\" srcset=\"http:\/\/muzej-djakovstine.hr\/wp-content\/uploads\/2016\/11\/pogled-na-povijesni-postav-300x193.jpg 300w, http:\/\/muzej-djakovstine.hr\/wp-content\/uploads\/2016\/11\/pogled-na-povijesni-postav-768x494.jpg 768w, http:\/\/muzej-djakovstine.hr\/wp-content\/uploads\/2016\/11\/pogled-na-povijesni-postav-1024x658.jpg 1024w\" sizes=\"auto, (max-width: 300px) 100vw, 300px\" \/><\/a>\n\t\t\t<\/dt>\n\t\t\t\t<dd class='wp-caption-text gallery-caption' id='gallery-1-5279'>\n\t\t\t\tEin Blick auf die Dauerausstellung der kulturellen und historischen Entwicklung von \u0110akovo\n\t\t\t\t<\/dd><\/dl><dl class='gallery-item'>\n\t\t\t<dt class='gallery-icon portrait'>\n\t\t\t\t<a href='http:\/\/muzej-djakovstine.hr\/wp-content\/uploads\/2016\/11\/1vatrogasna-kaciga.jpg'><img loading=\"lazy\" decoding=\"async\" width=\"200\" height=\"300\" src=\"http:\/\/muzej-djakovstine.hr\/wp-content\/uploads\/2016\/11\/1vatrogasna-kaciga-200x300.jpg\" class=\"attachment-medium size-medium\" alt=\"\" aria-describedby=\"gallery-1-5281\" srcset=\"http:\/\/muzej-djakovstine.hr\/wp-content\/uploads\/2016\/11\/1vatrogasna-kaciga-200x300.jpg 200w, http:\/\/muzej-djakovstine.hr\/wp-content\/uploads\/2016\/11\/1vatrogasna-kaciga-768x1154.jpg 768w, http:\/\/muzej-djakovstine.hr\/wp-content\/uploads\/2016\/11\/1vatrogasna-kaciga-681x1024.jpg 681w\" sizes=\"auto, (max-width: 200px) 100vw, 200px\" \/><\/a>\n\t\t\t<\/dt>\n\t\t\t\t<dd class='wp-caption-text gallery-caption' id='gallery-1-5281'>\n\t\t\t\tFeuerwehrhelm\n\t\t\t\t<\/dd><\/dl><dl class='gallery-item'>\n\t\t\t<dt class='gallery-icon landscape'>\n\t\t\t\t<a href='http:\/\/muzej-djakovstine.hr\/wp-content\/uploads\/2016\/10\/1IMG_0027.jpg'><img loading=\"lazy\" decoding=\"async\" width=\"300\" height=\"225\" src=\"http:\/\/muzej-djakovstine.hr\/wp-content\/uploads\/2016\/10\/1IMG_0027-300x225.jpg\" class=\"attachment-medium size-medium\" alt=\"\" aria-describedby=\"gallery-1-5247\" srcset=\"http:\/\/muzej-djakovstine.hr\/wp-content\/uploads\/2016\/10\/1IMG_0027-300x225.jpg 300w, http:\/\/muzej-djakovstine.hr\/wp-content\/uploads\/2016\/10\/1IMG_0027-768x576.jpg 768w, http:\/\/muzej-djakovstine.hr\/wp-content\/uploads\/2016\/10\/1IMG_0027-1024x768.jpg 1024w\" sizes=\"auto, (max-width: 300px) 100vw, 300px\" \/><\/a>\n\t\t\t<\/dt>\n\t\t\t\t<dd class='wp-caption-text gallery-caption' id='gallery-1-5247'>\n\t\t\t\tEin Blick auf die Dauerausstellung der kulturellen und historischen Entwicklung von \u0110akovo \n\t\t\t\t<\/dd><\/dl><br style=\"clear: both\" \/><dl class='gallery-item'>\n\t\t\t<dt class='gallery-icon landscape'>\n\t\t\t\t<a href='http:\/\/muzej-djakovstine.hr\/wp-content\/uploads\/2016\/10\/povijesni-postav-5.jpg'><img loading=\"lazy\" decoding=\"async\" width=\"300\" height=\"200\" src=\"http:\/\/muzej-djakovstine.hr\/wp-content\/uploads\/2016\/10\/povijesni-postav-5-300x200.jpg\" class=\"attachment-medium size-medium\" alt=\"\" aria-describedby=\"gallery-1-4821\" srcset=\"http:\/\/muzej-djakovstine.hr\/wp-content\/uploads\/2016\/10\/povijesni-postav-5-300x200.jpg 300w, http:\/\/muzej-djakovstine.hr\/wp-content\/uploads\/2016\/10\/povijesni-postav-5.jpg 443w\" sizes=\"auto, (max-width: 300px) 100vw, 300px\" \/><\/a>\n\t\t\t<\/dt>\n\t\t\t\t<dd class='wp-caption-text gallery-caption' id='gallery-1-4821'>\n\t\t\t\t[:Spiegel an der Wand der Installation des Interieurs eines b\u00fcrgerlichen Salons in Biedermeier-Stil.\n\t\t\t\t<\/dd><\/dl><dl class='gallery-item'>\n\t\t\t<dt class='gallery-icon portrait'>\n\t\t\t\t<a href='http:\/\/muzej-djakovstine.hr\/wp-content\/uploads\/2016\/11\/pjeva\u010dko-dru\u0161tvo-preradovi\u0107.jpg'><img loading=\"lazy\" decoding=\"async\" width=\"199\" height=\"300\" src=\"http:\/\/muzej-djakovstine.hr\/wp-content\/uploads\/2016\/11\/pjeva\u010dko-dru\u0161tvo-preradovi\u0107-199x300.jpg\" class=\"attachment-medium size-medium\" alt=\"\" aria-describedby=\"gallery-1-5283\" srcset=\"http:\/\/muzej-djakovstine.hr\/wp-content\/uploads\/2016\/11\/pjeva\u010dko-dru\u0161tvo-preradovi\u0107-199x300.jpg 199w, http:\/\/muzej-djakovstine.hr\/wp-content\/uploads\/2016\/11\/pjeva\u010dko-dru\u0161tvo-preradovi\u0107-768x1157.jpg 768w, http:\/\/muzej-djakovstine.hr\/wp-content\/uploads\/2016\/11\/pjeva\u010dko-dru\u0161tvo-preradovi\u0107-680x1024.jpg 680w, http:\/\/muzej-djakovstine.hr\/wp-content\/uploads\/2016\/11\/pjeva\u010dko-dru\u0161tvo-preradovi\u0107.jpg 1710w\" sizes=\"auto, (max-width: 199px) 100vw, 199px\" \/><\/a>\n\t\t\t<\/dt>\n\t\t\t\t<dd class='wp-caption-text gallery-caption' id='gallery-1-5283'>\n\t\t\t\tAbzeichen des Gesangvereins \u201cPreradovi\u0107\u201d, \u0110akovo\n\t\t\t\t<\/dd><\/dl><dl class='gallery-item'>\n\t\t\t<dt class='gallery-icon landscape'>\n\t\t\t\t<a href='http:\/\/muzej-djakovstine.hr\/wp-content\/uploads\/2016\/10\/povijesni-postav-6.jpg'><img loading=\"lazy\" decoding=\"async\" width=\"300\" height=\"200\" src=\"http:\/\/muzej-djakovstine.hr\/wp-content\/uploads\/2016\/10\/povijesni-postav-6-300x200.jpg\" class=\"attachment-medium size-medium\" alt=\"\" aria-describedby=\"gallery-1-4823\" srcset=\"http:\/\/muzej-djakovstine.hr\/wp-content\/uploads\/2016\/10\/povijesni-postav-6-300x200.jpg 300w, http:\/\/muzej-djakovstine.hr\/wp-content\/uploads\/2016\/10\/povijesni-postav-6.jpg 438w\" sizes=\"auto, (max-width: 300px) 100vw, 300px\" \/><\/a>\n\t\t\t<\/dt>\n\t\t\t\t<dd class='wp-caption-text gallery-caption' id='gallery-1-4823'>\n\t\t\t\tHeimatskrieg in der Dauerausstellung des Museums der \u0110akovo Region \n\t\t\t\t<\/dd><\/dl><br style=\"clear: both\" \/>\n\t\t<\/div>\n\n","protected":false},"excerpt":{"rendered":"<p>Ge\u00f6ffnet: 2006. Autor: mr.sc. Borislav Bijeli\u0107, prof. Visuelle und Raumgestaltung: mr. sc. Mario Beusan, prof. Kurator: Mateo Dragi\u010devi\u0107, mag. hist. Die Idee f\u00fcr diese Ausstellung beruht auf dem Konzept einer vereinten koh\u00e4renten Einheit der ethnologischen,\u00a0kultrugeschichtlichen-\u00a0und arch\u00e4ologischen Sammlung, die eigentlich ihrer Qualit\u00e4t und Exponaten Anzahl nach, die bedeutendsten Sammlungen des Museums sind. Die ethnografische Ausstellung, die [&hellip;]<\/p>\n","protected":false},"author":1,"featured_media":0,"parent":8919,"menu_order":0,"comment_status":"closed","ping_status":"closed","template":"","meta":{"_acf_changed":false,"_monsterinsights_skip_tracking":false,"_monsterinsights_sitenote_active":false,"_monsterinsights_sitenote_note":"","_monsterinsights_sitenote_category":0,"footnotes":""},"class_list":["post-8930","page","type-page","status-publish","hentry"],"acf":[],"yoast_head":"<!-- This site is optimized with the Yoast SEO plugin v27.5 - https:\/\/yoast.com\/product\/yoast-seo-wordpress\/ -->\n<title>Kultur-historische Dauerausstellung - Muzej \u0110akov\u0161tine<\/title>\n<meta name=\"robots\" content=\"index, follow, max-snippet:-1, max-image-preview:large, max-video-preview:-1\" \/>\n<link rel=\"canonical\" href=\"http:\/\/muzej-djakovstine.hr\/de\/standige-ausstellung\/historische-zahlen\/\" \/>\n<meta property=\"og:locale\" content=\"de_DE\" \/>\n<meta property=\"og:type\" content=\"article\" \/>\n<meta property=\"og:title\" content=\"Kultur-historische Dauerausstellung - Muzej \u0110akov\u0161tine\" \/>\n<meta property=\"og:description\" content=\"Ge\u00f6ffnet: 2006. Autor: mr.sc. Borislav Bijeli\u0107, prof. Visuelle und Raumgestaltung: mr. sc. Mario Beusan, prof. Kurator: Mateo Dragi\u010devi\u0107, mag. hist. Die Idee f\u00fcr diese Ausstellung beruht auf dem Konzept einer vereinten koh\u00e4renten Einheit der ethnologischen,\u00a0kultrugeschichtlichen-\u00a0und arch\u00e4ologischen Sammlung, die eigentlich ihrer Qualit\u00e4t und Exponaten Anzahl nach, die bedeutendsten Sammlungen des Museums sind. Die ethnografische Ausstellung, die [&hellip;]\" \/>\n<meta property=\"og:url\" content=\"http:\/\/muzej-djakovstine.hr\/de\/standige-ausstellung\/historische-zahlen\/\" \/>\n<meta property=\"og:site_name\" content=\"Muzej \u0110akov\u0161tine\" \/>\n<meta property=\"article:publisher\" content=\"https:\/\/www.facebook.com\/muzej.djakovstine\/\" \/>\n<meta property=\"article:modified_time\" content=\"2024-08-09T07:44:13+00:00\" \/>\n<meta property=\"og:image\" content=\"https:\/\/muzej-djakovstine.hr\/wp-content\/uploads\/2016\/11\/pogled-na-povijesni-postav-300x193.jpg\" \/>\n<meta name=\"twitter:card\" content=\"summary_large_image\" \/>\n<meta name=\"twitter:label1\" content=\"Gesch\u00e4tzte Lesezeit\" \/>\n\t<meta name=\"twitter:data1\" content=\"3\u00a0Minuten\" \/>\n<script type=\"application\/ld+json\" class=\"yoast-schema-graph\">{\"@context\":\"https:\\\/\\\/schema.org\",\"@graph\":[{\"@type\":\"WebPage\",\"@id\":\"http:\\\/\\\/muzej-djakovstine.hr\\\/de\\\/standige-ausstellung\\\/historische-zahlen\\\/\",\"url\":\"http:\\\/\\\/muzej-djakovstine.hr\\\/de\\\/standige-ausstellung\\\/historische-zahlen\\\/\",\"name\":\"Kultur-historische Dauerausstellung - Muzej \u0110akov\u0161tine\",\"isPartOf\":{\"@id\":\"http:\\\/\\\/muzej-djakovstine.hr\\\/de\\\/#website\"},\"datePublished\":\"2016-10-26T07:37:44+00:00\",\"dateModified\":\"2024-08-09T07:44:13+00:00\",\"breadcrumb\":{\"@id\":\"http:\\\/\\\/muzej-djakovstine.hr\\\/de\\\/standige-ausstellung\\\/historische-zahlen\\\/#breadcrumb\"},\"inLanguage\":\"de\",\"potentialAction\":[{\"@type\":\"ReadAction\",\"target\":[\"http:\\\/\\\/muzej-djakovstine.hr\\\/de\\\/standige-ausstellung\\\/historische-zahlen\\\/\"]}]},{\"@type\":\"BreadcrumbList\",\"@id\":\"http:\\\/\\\/muzej-djakovstine.hr\\\/de\\\/standige-ausstellung\\\/historische-zahlen\\\/#breadcrumb\",\"itemListElement\":[{\"@type\":\"ListItem\",\"position\":1,\"name\":\"Po\u010detna stranica\",\"item\":\"http:\\\/\\\/muzej-djakovstine.hr\\\/de\\\/\"},{\"@type\":\"ListItem\",\"position\":2,\"name\":\"Dauerausstellung\",\"item\":\"http:\\\/\\\/muzej-djakovstine.hr\\\/de\\\/stalni-postav\\\/\"},{\"@type\":\"ListItem\",\"position\":3,\"name\":\"Kultur-historische Dauerausstellung\"}]},{\"@type\":\"WebSite\",\"@id\":\"http:\\\/\\\/muzej-djakovstine.hr\\\/de\\\/#website\",\"url\":\"http:\\\/\\\/muzej-djakovstine.hr\\\/de\\\/\",\"name\":\"Muzej \u0110akov\u0161tine\",\"description\":\"\",\"potentialAction\":[{\"@type\":\"SearchAction\",\"target\":{\"@type\":\"EntryPoint\",\"urlTemplate\":\"http:\\\/\\\/muzej-djakovstine.hr\\\/de\\\/?s={search_term_string}\"},\"query-input\":{\"@type\":\"PropertyValueSpecification\",\"valueRequired\":true,\"valueName\":\"search_term_string\"}}],\"inLanguage\":\"de\"}]}<\/script>\n<!-- \/ Yoast SEO plugin. -->","yoast_head_json":{"title":"Kultur-historische Dauerausstellung - Muzej \u0110akov\u0161tine","robots":{"index":"index","follow":"follow","max-snippet":"max-snippet:-1","max-image-preview":"max-image-preview:large","max-video-preview":"max-video-preview:-1"},"canonical":"http:\/\/muzej-djakovstine.hr\/de\/standige-ausstellung\/historische-zahlen\/","og_locale":"de_DE","og_type":"article","og_title":"Kultur-historische Dauerausstellung - Muzej \u0110akov\u0161tine","og_description":"Ge\u00f6ffnet: 2006. Autor: mr.sc. Borislav Bijeli\u0107, prof. Visuelle und Raumgestaltung: mr. sc. Mario Beusan, prof. Kurator: Mateo Dragi\u010devi\u0107, mag. hist. Die Idee f\u00fcr diese Ausstellung beruht auf dem Konzept einer vereinten koh\u00e4renten Einheit der ethnologischen,\u00a0kultrugeschichtlichen-\u00a0und arch\u00e4ologischen Sammlung, die eigentlich ihrer Qualit\u00e4t und Exponaten Anzahl nach, die bedeutendsten Sammlungen des Museums sind. Die ethnografische Ausstellung, die [&hellip;]","og_url":"http:\/\/muzej-djakovstine.hr\/de\/standige-ausstellung\/historische-zahlen\/","og_site_name":"Muzej \u0110akov\u0161tine","article_publisher":"https:\/\/www.facebook.com\/muzej.djakovstine\/","article_modified_time":"2024-08-09T07:44:13+00:00","og_image":[{"url":"https:\/\/muzej-djakovstine.hr\/wp-content\/uploads\/2016\/11\/pogled-na-povijesni-postav-300x193.jpg","type":"","width":"","height":""}],"twitter_card":"summary_large_image","twitter_misc":{"Gesch\u00e4tzte Lesezeit":"3\u00a0Minuten"},"schema":{"@context":"https:\/\/schema.org","@graph":[{"@type":"WebPage","@id":"http:\/\/muzej-djakovstine.hr\/de\/standige-ausstellung\/historische-zahlen\/","url":"http:\/\/muzej-djakovstine.hr\/de\/standige-ausstellung\/historische-zahlen\/","name":"Kultur-historische Dauerausstellung - Muzej \u0110akov\u0161tine","isPartOf":{"@id":"http:\/\/muzej-djakovstine.hr\/de\/#website"},"datePublished":"2016-10-26T07:37:44+00:00","dateModified":"2024-08-09T07:44:13+00:00","breadcrumb":{"@id":"http:\/\/muzej-djakovstine.hr\/de\/standige-ausstellung\/historische-zahlen\/#breadcrumb"},"inLanguage":"de","potentialAction":[{"@type":"ReadAction","target":["http:\/\/muzej-djakovstine.hr\/de\/standige-ausstellung\/historische-zahlen\/"]}]},{"@type":"BreadcrumbList","@id":"http:\/\/muzej-djakovstine.hr\/de\/standige-ausstellung\/historische-zahlen\/#breadcrumb","itemListElement":[{"@type":"ListItem","position":1,"name":"Po\u010detna stranica","item":"http:\/\/muzej-djakovstine.hr\/de\/"},{"@type":"ListItem","position":2,"name":"Dauerausstellung","item":"http:\/\/muzej-djakovstine.hr\/de\/stalni-postav\/"},{"@type":"ListItem","position":3,"name":"Kultur-historische Dauerausstellung"}]},{"@type":"WebSite","@id":"http:\/\/muzej-djakovstine.hr\/de\/#website","url":"http:\/\/muzej-djakovstine.hr\/de\/","name":"Muzej \u0110akov\u0161tine","description":"","potentialAction":[{"@type":"SearchAction","target":{"@type":"EntryPoint","urlTemplate":"http:\/\/muzej-djakovstine.hr\/de\/?s={search_term_string}"},"query-input":{"@type":"PropertyValueSpecification","valueRequired":true,"valueName":"search_term_string"}}],"inLanguage":"de"}]}},"_links":{"self":[{"href":"http:\/\/muzej-djakovstine.hr\/de\/wp-json\/wp\/v2\/pages\/8930","targetHints":{"allow":["GET"]}}],"collection":[{"href":"http:\/\/muzej-djakovstine.hr\/de\/wp-json\/wp\/v2\/pages"}],"about":[{"href":"http:\/\/muzej-djakovstine.hr\/de\/wp-json\/wp\/v2\/types\/page"}],"author":[{"embeddable":true,"href":"http:\/\/muzej-djakovstine.hr\/de\/wp-json\/wp\/v2\/users\/1"}],"replies":[{"embeddable":true,"href":"http:\/\/muzej-djakovstine.hr\/de\/wp-json\/wp\/v2\/comments?post=8930"}],"version-history":[{"count":7,"href":"http:\/\/muzej-djakovstine.hr\/de\/wp-json\/wp\/v2\/pages\/8930\/revisions"}],"predecessor-version":[{"id":9476,"href":"http:\/\/muzej-djakovstine.hr\/de\/wp-json\/wp\/v2\/pages\/8930\/revisions\/9476"}],"up":[{"embeddable":true,"href":"http:\/\/muzej-djakovstine.hr\/de\/wp-json\/wp\/v2\/pages\/8919"}],"wp:attachment":[{"href":"http:\/\/muzej-djakovstine.hr\/de\/wp-json\/wp\/v2\/media?parent=8930"}],"curies":[{"name":"wp","href":"https:\/\/api.w.org\/{rel}","templated":true}]}}